{"id":27664,"date":"2020-06-15T14:59:57","date_gmt":"2020-06-15T12:59:57","guid":{"rendered":"https:\/\/www.davidfeldman.com\/vente-aux-encheres-de-raretes-en-partenariat-avec-msf\/"},"modified":"2021-01-08T11:24:27","modified_gmt":"2021-01-08T09:24:27","slug":"vente-aux-encheres-de-raretes-en-partenariat-avec-msf","status":"publish","type":"page","link":"https:\/\/www.davidfeldman.com\/fr\/vente-aux-encheres-de-raretes-en-partenariat-avec-msf\/","title":{"rendered":"Vente aux ench\u00e8res en partenariat avec MSF"},"content":{"rendered":"<p>[et_pb_section fb_built=\u00a0\u00bb1&Prime; _builder_version=\u00a0\u00bb3.22&Prime;][et_pb_row _builder_version=\u00a0\u00bb4.4.4&Prime; background_size=\u00a0\u00bbinitial\u00a0\u00bb background_position=\u00a0\u00bbtop_left\u00a0\u00bb background_repeat=\u00a0\u00bbrepeat\u00a0\u00bb][et_pb_column type=\u00a0\u00bb4_4&Prime; _builder_version=\u00a0\u00bb4.4.4&Prime; custom_padding=\u00a0\u00bb|||\u00a0\u00bb custom_padding__hover=\u00a0\u00bb|||\u00a0\u00bb][et_pb_slider _builder_version=\u00a0\u00bb4.6.1&Prime; body_font_size=\u00a0\u00bb25px\u00a0\u00bb background_image=\u00a0\u00bbhttps:\/\/www.davidfeldman.com\/wp-content\/uploads\/2020\/06\/MSF315966_Medium.jpg\u00a0\u00bb custom_button=\u00a0\u00bbon\u00a0\u00bb button_text_size=\u00a0\u00bb19px\u00a0\u00bb button_bg_color=\u00a0\u00bbrgba(0,0,0,0.53)\u00a0\u00bb button_border_width=\u00a0\u00bb4px\u00a0\u00bb button_icon=\u00a0\u00bb%%109%%\u00a0\u00bb custom_padding=\u00a0\u00bb|||\u00a0\u00bb custom_padding_tablet=\u00a0\u00bb|||\u00a0\u00bb custom_padding_phone=\u00a0\u00bb|||\u00a0\u00bb hover_enabled=\u00a0\u00bb0&Prime; box_shadow_style=\u00a0\u00bbpreset6&Prime; box_shadow_blur=\u00a0\u00bb10px\u00a0\u00bb box_shadow_color=\u00a0\u00bbrgba(0,0,0,0.1)\u00a0\u00bb box_shadow_style_button=\u00a0\u00bbpreset6&Prime; box_shadow_horizontal_button=\u00a0\u00bb2px\u00a0\u00bb text_shadow_style=\u00a0\u00bbpreset1&Prime; text_shadow_color=\u00a0\u00bbrgba(0,0,0,0)\u00a0\u00bb button_text_size__hover_enabled=\u00a0\u00bboff\u00a0\u00bb button_one_text_size__hover_enabled=\u00a0\u00bboff\u00a0\u00bb button_two_text_size__hover_enabled=\u00a0\u00bboff\u00a0\u00bb button_text_color__hover_enabled=\u00a0\u00bboff\u00a0\u00bb button_one_text_color__hover_enabled=\u00a0\u00bboff\u00a0\u00bb button_two_text_color__hover_enabled=\u00a0\u00bboff\u00a0\u00bb button_border_width__hover_enabled=\u00a0\u00bboff\u00a0\u00bb button_one_border_width__hover_enabled=\u00a0\u00bboff\u00a0\u00bb button_two_border_width__hover_enabled=\u00a0\u00bboff\u00a0\u00bb button_border_color__hover_enabled=\u00a0\u00bboff\u00a0\u00bb button_one_border_color__hover_enabled=\u00a0\u00bboff\u00a0\u00bb button_two_border_color__hover_enabled=\u00a0\u00bboff\u00a0\u00bb button_border_radius__hover_enabled=\u00a0\u00bboff\u00a0\u00bb button_one_border_radius__hover_enabled=\u00a0\u00bboff\u00a0\u00bb button_two_border_radius__hover_enabled=\u00a0\u00bboff\u00a0\u00bb button_letter_spacing__hover_enabled=\u00a0\u00bboff\u00a0\u00bb button_one_letter_spacing__hover_enabled=\u00a0\u00bboff\u00a0\u00bb button_two_letter_spacing__hover_enabled=\u00a0\u00bboff\u00a0\u00bb button_bg_color__hover_enabled=\u00a0\u00bboff\u00a0\u00bb button_one_bg_color__hover_enabled=\u00a0\u00bboff\u00a0\u00bb button_two_bg_color__hover_enabled=\u00a0\u00bboff\u00a0\u00bb link_option_url=\u00a0\u00bbhttps:\/\/www.davidfeldman.com\/dfsa-auctions\/2020-december-auction-series\/2020-rarities-of-the-world\/\u00a0\u00bb sticky_enabled=\u00a0\u00bb0&Prime;][et_pb_slide heading=\u00a0\u00bbDavid Feldman s&rsquo;associe avec M\u00e9decins Sans Fronti\u00e8res\u00a0\u00bb use_bg_overlay=\u00a0\u00bbon\u00a0\u00bb _builder_version=\u00a0\u00bb4.6.1&Prime; header_level=\u00a0\u00bbh2&Prime; header_font=\u00a0\u00bb|600|||||||\u00a0\u00bb header_font_size=\u00a0\u00bb57px\u00a0\u00bb body_font_size=\u00a0\u00bb23px\u00a0\u00bb background_color=\u00a0\u00bb#2ea3f2&Prime; use_background_color_gradient=\u00a0\u00bbon\u00a0\u00bb background_color_gradient_start=\u00a0\u00bbrgba(242,242,242,0.92)\u00a0\u00bb background_color_gradient_end=\u00a0\u00bb#2e6df4&Prime; background_color_gradient_direction=\u00a0\u00bb330deg\u00a0\u00bb custom_padding=\u00a0\u00bb|0px||0px|false|false\u00a0\u00bb hover_enabled=\u00a0\u00bb0&Prime; button_text_size__hover_enabled=\u00a0\u00bboff\u00a0\u00bb button_one_text_size__hover_enabled=\u00a0\u00bboff\u00a0\u00bb button_two_text_size__hover_enabled=\u00a0\u00bboff\u00a0\u00bb button_text_color__hover_enabled=\u00a0\u00bboff\u00a0\u00bb button_one_text_color__hover_enabled=\u00a0\u00bboff\u00a0\u00bb button_two_text_color__hover_enabled=\u00a0\u00bboff\u00a0\u00bb button_border_width__hover_enabled=\u00a0\u00bboff\u00a0\u00bb button_one_border_width__hover_enabled=\u00a0\u00bboff\u00a0\u00bb button_two_border_width__hover_enabled=\u00a0\u00bboff\u00a0\u00bb button_border_color__hover_enabled=\u00a0\u00bboff\u00a0\u00bb button_one_border_color__hover_enabled=\u00a0\u00bboff\u00a0\u00bb button_two_border_color__hover_enabled=\u00a0\u00bboff\u00a0\u00bb button_border_radius__hover_enabled=\u00a0\u00bboff\u00a0\u00bb button_one_border_radius__hover_enabled=\u00a0\u00bboff\u00a0\u00bb button_two_border_radius__hover_enabled=\u00a0\u00bboff\u00a0\u00bb button_letter_spacing__hover_enabled=\u00a0\u00bboff\u00a0\u00bb button_one_letter_spacing__hover_enabled=\u00a0\u00bboff\u00a0\u00bb button_two_letter_spacing__hover_enabled=\u00a0\u00bboff\u00a0\u00bb button_bg_color__hover_enabled=\u00a0\u00bboff\u00a0\u00bb button_one_bg_color__hover_enabled=\u00a0\u00bboff\u00a0\u00bb button_two_bg_color__hover_enabled=\u00a0\u00bboff\u00a0\u00bb sticky_transition=\u00a0\u00bbon\u00a0\u00bb sticky_enabled=\u00a0\u00bb0&Prime;]<\/p>\n<h3 class=\"p2\"><\/h3>\n<h3 class=\"p2\"><\/h3>\n<h2 class=\"p2\"><b>Vente aux ench\u00e8res de Raret\u00e9s du monde en d\u00e9cembre 2020<\/b><\/h2>\n<p>[\/et_pb_slide][\/et_pb_slider][\/et_pb_column][\/et_pb_row][et_pb_row _builder_version=\u00a0\u00bb4.6.1&Prime; _module_preset=\u00a0\u00bbdefault\u00a0\u00bb][et_pb_column _builder_version=\u00a0\u00bb4.6.1&Prime; _module_preset=\u00a0\u00bbdefault\u00a0\u00bb type=\u00a0\u00bb4_4&Prime;][et_pb_button button_text=\u00a0\u00bbVoir les lots et ench\u00e9rir\u00a0\u00bb _builder_version=\u00a0\u00bb4.6.1&Prime; _module_preset=\u00a0\u00bbdefault\u00a0\u00bb button_alignment=\u00a0\u00bbcenter\u00a0\u00bb custom_button=\u00a0\u00bbon\u00a0\u00bb button_text_size=\u00a0\u00bb26px\u00a0\u00bb button_text_color=\u00a0\u00bb#800000&Prime; button_url=\u00a0\u00bbhttps:\/\/www.davidfeldman.com\/dfsa-auctions\/2020-december-auction-series\/2020-rarities-of-the-world\/\u00a0\u00bb hover_enabled=\u00a0\u00bb0&Prime; sticky_enabled=\u00a0\u00bb0&Prime;][\/et_pb_button][\/et_pb_column][\/et_pb_row][\/et_pb_section][et_pb_section fb_built=\u00a0\u00bb1&Prime; fullwidth=\u00a0\u00bbon\u00a0\u00bb _builder_version=\u00a0\u00bb3.22&Prime; background_color=\u00a0\u00bb#f7f7f7&Prime;][et_pb_fullwidth_header title=\u00a0\u00bbLUTTONS CONTRE LE COVID-19 GR\u00c2CE \u00c0 LA PHILAT\u00c9LIE\u00a0\u00bb text_orientation=\u00a0\u00bbcenter\u00a0\u00bb content_max_width=\u00a0\u00bbnone\u00a0\u00bb _builder_version=\u00a0\u00bb4.4.4&Prime; background_color=\u00a0\u00bb#800000&Prime; border_color_all_image=\u00a0\u00bb#800000&Prime; button_one_text_size__hover_enabled=\u00a0\u00bboff\u00a0\u00bb button_two_text_size__hover_enabled=\u00a0\u00bboff\u00a0\u00bb button_one_text_color__hover_enabled=\u00a0\u00bboff\u00a0\u00bb button_two_text_color__hover_enabled=\u00a0\u00bboff\u00a0\u00bb button_one_border_width__hover_enabled=\u00a0\u00bboff\u00a0\u00bb button_two_border_width__hover_enabled=\u00a0\u00bboff\u00a0\u00bb button_one_border_color__hover_enabled=\u00a0\u00bboff\u00a0\u00bb button_two_border_color__hover_enabled=\u00a0\u00bboff\u00a0\u00bb button_one_border_radius__hover_enabled=\u00a0\u00bboff\u00a0\u00bb button_two_border_radius__hover_enabled=\u00a0\u00bboff\u00a0\u00bb button_one_letter_spacing__hover_enabled=\u00a0\u00bboff\u00a0\u00bb button_two_letter_spacing__hover_enabled=\u00a0\u00bboff\u00a0\u00bb button_one_bg_color__hover_enabled=\u00a0\u00bboff\u00a0\u00bb button_two_bg_color__hover_enabled=\u00a0\u00bboff\u00a0\u00bb][\/et_pb_fullwidth_header][\/et_pb_section][et_pb_section fb_built=\u00a0\u00bb1&Prime; specialty=\u00a0\u00bbon\u00a0\u00bb _builder_version=\u00a0\u00bb4.4.4&Prime;][et_pb_column type=\u00a0\u00bb1_2&Prime; specialty_columns=\u00a0\u00bb2&Prime; _builder_version=\u00a0\u00bb3.25&Prime; custom_padding=\u00a0\u00bb|||\u00a0\u00bb custom_padding__hover=\u00a0\u00bb|||\u00a0\u00bb][et_pb_row_inner _builder_version=\u00a0\u00bb4.4.4&Prime;][et_pb_column_inner saved_specialty_column_type=\u00a0\u00bb1_2&Prime; _builder_version=\u00a0\u00bb4.4.4&Prime;][et_pb_image src=\u00a0\u00bbhttps:\/\/www.davidfeldman.com\/wp-content\/uploads\/2020\/06\/MSF310200_Medium.jpg\u00a0\u00bb title_text=\u00a0\u00bbMSF starts COVID-19 coronavirus activities in France\u00a0\u00bb _builder_version=\u00a0\u00bb4.4.4&Prime;][\/et_pb_image][\/et_pb_column_inner][\/et_pb_row_inner][\/et_pb_column][et_pb_column type=\u00a0\u00bb1_2&Prime; _builder_version=\u00a0\u00bb3.25&Prime; custom_padding=\u00a0\u00bb|||\u00a0\u00bb custom_padding__hover=\u00a0\u00bb|||\u00a0\u00bb][et_pb_text _builder_version=\u00a0\u00bb4.5.3&Prime;]Le COVID-19 a eu un impact sur la vie de toutes et tous, partout dans le monde ; parmi les collectionneurs de timbres, nombreux sont ceux qui ont l\u2019\u00e2ge d\u2019\u00eatre consid\u00e9r\u00e9s \u00ab \u00e0 risques \u00bb, ils ont sans nul doute travers\u00e9 avec difficult\u00e9 cette p\u00e9riode lourde en inqui\u00e9tude pour leur sant\u00e9, le confinement impos\u00e9, la s\u00e9paration d\u2019avec la famille, les amis. Nous avons donc souhait\u00e9 permettre \u00e0 nos clients d\u2019apporter leur propre contribution afin d\u2019att\u00e9nuer l\u2019impact du virus. Ainsi, c\u2019est avec un grand honneur que nous leur proposons ce partenariat avec <a href=\"https:\/\/www.msf.org\/\" target=\"_blank\" rel=\"noopener noreferrer\">M\u00e9decins Sans Fronti\u00e8res<\/a>, dans le cadre de <strong>notre prochaine vente aux ench\u00e8res \u00ab Raret\u00e9s du Monde \u00bb, qui se tiendra \u00e0 Gen\u00e8ve au mois de d\u00e9cembre 2020.<\/strong><\/p>\n<p>Nous esp\u00e9rons que vous vous joindrez \u00e0 nous pour soutenir cette grande cause.[\/et_pb_text][et_pb_button button_url=\u00a0\u00bbhttps:\/\/www.davidfeldman.com\/wp-content\/uploads\/2020\/09\/MSF_Charitable_Auction_FR_D\u00e9c2020.pdf\u00a0\u00bb button_text=\u00a0\u00bbT\u00e9l\u00e9chargez la brochure compl\u00e8te de pr\u00e9sentation\u00a0\u00bb button_alignment=\u00a0\u00bbcenter\u00a0\u00bb _builder_version=\u00a0\u00bb4.5.3&Prime; custom_button=\u00a0\u00bbon\u00a0\u00bb button_text_size=\u00a0\u00bb16px\u00a0\u00bb button_text_color=\u00a0\u00bb#800000&Prime; button_font=\u00a0\u00bb|||||on|||\u00a0\u00bb][\/et_pb_button][\/et_pb_column][\/et_pb_section][et_pb_section fb_built=\u00a0\u00bb1&Prime; _builder_version=\u00a0\u00bb4.4.4&Prime; background_color=\u00a0\u00bb#f1eeeb\u00a0\u00bb][et_pb_row column_structure=\u00a0\u00bb2_3,1_3&Prime; _builder_version=\u00a0\u00bb4.4.4&Prime;][et_pb_column type=\u00a0\u00bb2_3&Prime; _builder_version=\u00a0\u00bb4.4.4&Prime;][et_pb_text _builder_version=\u00a0\u00bb4.4.4&Prime;]Notre r\u00e9ponse \u00e0 COVID-19 se concentre sur trois grandes priorit\u00e9s :<\/p>\n<ol class=\"ol1\">\n<li class=\"li2\"><strong>Aider les autorit\u00e9s<\/strong> \u00e0 fournir des soins aux patients atteints de COVID-19<\/li>\n<li class=\"li2\"><strong>Prot\u00e9ger<\/strong> les personnes vuln\u00e9rables et \u00e0 risque<\/li>\n<li class=\"li2\"><strong>Maintenir<\/strong> des services m\u00e9dicaux essentiels<\/li>\n<\/ol>\n<p class=\"p1\">Les syst\u00e8mes de sant\u00e9 du monde entier ont un besoin urgent d\u2019\u00e9quipements de protection individuelle \u2014 qui sont confront\u00e9s \u00e0 une p\u00e9nurie d\u2019articles essentiels tels que les masques et les tabliers \u2014 afin que les services m\u00e9dicaux essentiels puissent rester ouverts.<\/p>\n<p>L\u2019acc\u00e8s aux \u00e9quipements de protection aux tests COVID-19, \u00e0 l\u2019oxyg\u00e8ne et aux m\u00e9dicaments pour les soins de soutien, devient de plus en plus urgent \u00e0 mesure que COVID-19 se r\u00e9pand dans les pays qui n\u2019ont gu\u00e8re acc\u00e8s \u00e0 ces outils.<\/p>\n<p class=\"p4\">Plus d\u2019information sur <a href=\"http:\/\/www.msf.org\/covid-19-depth\">www.msf.org\/covid-19-depth<\/a><\/p>\n<p>[\/et_pb_text][\/et_pb_column][et_pb_column type=\u00a0\u00bb1_3&Prime; _builder_version=\u00a0\u00bb4.4.4&Prime;][et_pb_image src=\u00a0\u00bbhttps:\/\/www.davidfeldman.com\/wp-content\/uploads\/2020\/06\/MSF-Logo-International-Black-text-.png\u00a0\u00bb alt=\u00a0\u00bbMSF logo\u00a0\u00bb title_text=\u00a0\u00bbMSF Logo International Black text-\u00a0\u00bb url=\u00a0\u00bbhttps:\/\/www.msf.org\/\u00a0\u00bb url_new_window=\u00a0\u00bbon\u00a0\u00bb _builder_version=\u00a0\u00bb4.4.4&Prime;][\/et_pb_image][\/et_pb_column][\/et_pb_row][\/et_pb_section][et_pb_section fb_built=\u00a0\u00bb1&Prime; _builder_version=\u00a0\u00bb4.4.4&Prime;][et_pb_row _builder_version=\u00a0\u00bb4.4.4&Prime;][et_pb_column type=\u00a0\u00bb4_4&Prime; _builder_version=\u00a0\u00bb4.4.4&Prime;][et_pb_text _builder_version=\u00a0\u00bb4.4.4&Prime;]<\/p>\n<h3 style=\"text-align: left;\"><span style=\"color: #800000;\"><strong>COMMENT PARTICIPER A CETTE VENTE<\/strong><\/span><\/h3>\n<p style=\"text-align: left;\">Nous sommes \u00e0 la recherche des timbres pour cette vente aux ench\u00e8res de charit\u00e9 et proposons \u00e0 nos clients trois formes de contribution \u00e0 la collecte de fonds en faveur de MSF pour lutter contre les impacts du COVID-19<\/p>\n<p>[\/et_pb_text][\/et_pb_column][\/et_pb_row][et_pb_row column_structure=\u00a0\u00bb1_3,1_3,1_3&Prime; disabled_on=\u00a0\u00bbon|off|off\u00a0\u00bb _builder_version=\u00a0\u00bb4.4.4&Prime; custom_margin=\u00a0\u00bb-22px||-6px||false|false\u00a0\u00bb][et_pb_column type=\u00a0\u00bb1_3&Prime; _builder_version=\u00a0\u00bb4.4.4&Prime;][et_pb_text _builder_version=\u00a0\u00bb4.4.4&Prime; header_3_font=\u00a0\u00bb|800|||||||\u00a0\u00bb header_3_font_size=\u00a0\u00bb20px\u00a0\u00bb custom_padding=\u00a0\u00bb5px|5px|5px|8px|false|false\u00a0\u00bb border_width_all=\u00a0\u00bb1px\u00a0\u00bb border_color_all=\u00a0\u00bb#ada197&Prime; box_shadow_style=\u00a0\u00bbpreset3&Prime; box_shadow_vertical=\u00a0\u00bb8px\u00a0\u00bb box_shadow_blur=\u00a0\u00bb8px\u00a0\u00bb]<\/p>\n<h3 style=\"text-align: center;\"><span style=\"color: #800000;\"><strong>1.<\/strong><\/span><\/h3>\n<h3 style=\"text-align: center;\"><span style=\"color: #800000;\"><strong>Consigner un timbre rare ou une enveloppe<\/strong><\/span><\/h3>\n<p style=\"text-align: left;\"><strong>a.<\/strong> La commission normalement \u00e0 la charge du vendeur sera remise dans sa totalit\u00e9 \u00e0 MSF Suisse par DFSA<\/p>\n<p><strong>b.<\/strong> Les clients ont la possibilit\u00e9 d\u2019augmenter leur commission vendeur pour cet \u00e9v\u00e9nement[\/et_pb_text][\/et_pb_column][et_pb_column type=\u00a0\u00bb1_3&Prime; _builder_version=\u00a0\u00bb4.4.4&Prime;][et_pb_text _builder_version=\u00a0\u00bb4.4.4&Prime; header_3_font=\u00a0\u00bb|800|||||||\u00a0\u00bb header_3_font_size=\u00a0\u00bb20px\u00a0\u00bb custom_padding=\u00a0\u00bb5px|5px|5px|8px|false|false\u00a0\u00bb border_width_all=\u00a0\u00bb1px\u00a0\u00bb border_color_all=\u00a0\u00bb#ada197&Prime; box_shadow_style=\u00a0\u00bbpreset2&Prime; box_shadow_horizontal=\u00a0\u00bb0px\u00a0\u00bb box_shadow_vertical=\u00a0\u00bb8px\u00a0\u00bb box_shadow_blur=\u00a0\u00bb8px\u00a0\u00bb box_shadow_spread=\u00a0\u00bb-6px\u00a0\u00bb]<\/p>\n<h3 style=\"text-align: center;\"><span style=\"color: #800000;\"><strong>2.<\/strong><\/span><\/h3>\n<h3 style=\"text-align: center;\"><strong><span style=\"color: #800000;\">Faites don d\u2019un timbre ou d\u2019une enveloppe<\/span><\/strong><\/h3>\n<p>Votre section locale de MSF vous remettra un<br \/>\njustificatif de don \u00e0 sa valeur effective apr\u00e8s la vente<br \/>\n<strong>a.<\/strong> DFSA ne facturera pas de commission vendeur sur les pi\u00e8ces c\u00e9d\u00e9s en faveur de MSF et ajoutera 25% de sa commission acheteur pour donation suppl\u00e9mentaire<br \/>\n<strong>b. <\/strong>Les clients pourront, s\u2019ils le souhaitent, \u00eatre personnellement mentionn\u00e9 en regard de leur don sur le catalogue de la vente[\/et_pb_text][\/et_pb_column][et_pb_column type=\u00a0\u00bb1_3&Prime; _builder_version=\u00a0\u00bb4.4.4&Prime;][et_pb_text _builder_version=\u00a0\u00bb4.4.4&Prime; header_text_color=\u00a0\u00bb#800000&Prime; header_3_font=\u00a0\u00bb|800|||||||\u00a0\u00bb header_3_font_size=\u00a0\u00bb20px\u00a0\u00bb custom_padding=\u00a0\u00bb5px|5px|5px|8px|false|false\u00a0\u00bb border_width_all=\u00a0\u00bb1px\u00a0\u00bb border_color_all=\u00a0\u00bb#ada197&Prime; box_shadow_style=\u00a0\u00bbpreset2&Prime; box_shadow_horizontal=\u00a0\u00bb0px\u00a0\u00bb box_shadow_blur=\u00a0\u00bb8px\u00a0\u00bb box_shadow_spread=\u00a0\u00bb-6px\u00a0\u00bb]<\/p>\n<h3 style=\"text-align: center;\"><span style=\"color: #800000;\">3.<\/span><\/h3>\n<h3 style=\"text-align: center;\"><strong><span style=\"color: #800000;\">Participez aux ench\u00e8res en tant qu\u2019acheteur caritatif<\/span><\/strong><\/h3>\n<p><strong>a.<\/strong> Vous pouvez simplement choisir d\u2019acqu\u00e9rir un objet pour en faire don \u00e0 une section locale de MSF sous forme de cadeau en nature pour de futures ench\u00e8res ; dans ce cas, DFSA renoncera \u00e0 50% de sa commission acheteur<br \/>\n<strong>b.<\/strong> Les clients auront la possibilit\u00e9 d\u2019ajouter 5% de contribution \u00e0 MSF Suisse, DFSA s\u2019engage \u00e0 verser le m\u00eame montant \u00e0 l\u2019association[\/et_pb_text][\/et_pb_column][\/et_pb_row][et_pb_row _builder_version=\u00a0\u00bb4.4.4&Prime;][et_pb_column type=\u00a0\u00bb4_4&Prime; _builder_version=\u00a0\u00bb4.4.4&Prime;][et_pb_text _builder_version=\u00a0\u00bb4.4.4&Prime; background_color=\u00a0\u00bb#f1eeeb\u00a0\u00bb custom_padding=\u00a0\u00bb7px|10px|7px|10px|false|false\u00a0\u00bb]Tous les clients qui, par le biais de leur participation \u00e0 ces ench\u00e8res, feront un don \u00e0 MSF recevront une lettre personnalis\u00e9e de remerciement de la part de l\u2019organisation.<\/p>\n<p>Selon ce qui est possible dans leurs pays respectifs, les sections locales de MSF remettront aux clients offrant leur consignation en nature une attestation de don \u00e0 une association caritative.<\/p>\n<p>Si le but de ces ench\u00e8res est d\u2019accumuler une offre attractive de Raret\u00e9s philat\u00e9liques du Monde, notre objectif principal est bien s\u00fbr de maximiser la contribution \u00e0 MSF et de donner \u00e0 tous nos clients l\u2019occasion de participer, s\u2019ils ont la possibilit\u00e9 d\u2019offrir un timbre ou une enveloppe rare.<\/p>\n<p>Si le nombre de lots se r\u00e9v\u00e8le trop important pour ce catalogue d\u00e9di\u00e9 aux Raret\u00e9s, DFSA proposera, ult\u00e9rieurement au cours de la m\u00eame semaine, une vente en ligne.[\/et_pb_text][\/et_pb_column][\/et_pb_row][et_pb_row column_structure=\u00a0\u00bb3_5,2_5&Prime; _builder_version=\u00a0\u00bb4.4.4&Prime;][et_pb_column type=\u00a0\u00bb3_5&Prime; _builder_version=\u00a0\u00bb4.4.4&Prime;][et_pb_text _builder_version=\u00a0\u00bb4.4.4&Prime; header_3_font=\u00a0\u00bb||||||||\u00a0\u00bb header_3_text_color=\u00a0\u00bb#800000&Prime; header_3_font_size=\u00a0\u00bb20px\u00a0\u00bb]<\/p>\n<h3 style=\"text-align: left;\"><span style=\"color: #800000;\"><strong>COMMENT CONSIGNER<\/strong><\/span><\/h3>\n<p>&nbsp;<\/p>\n<ol>\n<li><strong>Contactez-nous<\/strong> en nous envoyant un email \u00e0 <a href=\"mailto:msf@davidfeldman.com\" target=\"_blank\" rel=\"noopener noreferrer\">MSF@Davidfeldman.com<\/a> pour initier le processus de consignation pour les ench\u00e8res<\/li>\n<li>Un philat\u00e9liste vous contactera afin de discuter de la pi\u00e8ce que vous souhaitez nous confier, convenir des termes et vous transmettre <strong>l\u2019accord de consignation.<\/strong> La date limite de consignation pour la vente \u00ab Raret\u00e9s du Monde \u00bb est le 1er septembre 2020<\/li>\n<li>Nous conviendrons d\u2019une <strong>date pour la collecte de la consignation<\/strong> par un service de transport appropri\u00e9 (FedEx, DHL, etc.) aux frais de DFSA<\/li>\n<li>D\u00e8s lors qu\u2019un objet est en transit vers DFSA, il est <strong>totalement assur\u00e9<\/strong> au montant convenu par notre assurance<\/li>\n<li>Vous recevrez un projet de <strong>description de votre\/vos lot(s)<\/strong> environ sept semaines avant la vente, ainsi qu\u2019un exemplaire du catalogue \u00e0 titre gracieux d\u00e8s sa publication<\/li>\n<li>Les clients ayant choisi de faire un don recevront <strong>une confirmation de leur don en nature de la part de MSF<\/strong> d\u00e8s que les acheteurs auront r\u00e9gl\u00e9 leur acquisition<\/li>\n<\/ol>\n<p>[\/et_pb_text][\/et_pb_column][et_pb_column type=\u00a0\u00bb2_5&Prime; _builder_version=\u00a0\u00bb4.4.4&Prime;][et_pb_image src=\u00a0\u00bbhttps:\/\/www.davidfeldman.com\/wp-content\/uploads\/2020\/06\/Consign_stamp.jpg\u00a0\u00bb alt=\u00a0\u00bbEvaluation de timbres\u00a0\u00bb title_text=\u00a0\u00bbConsignation_timbres\u00a0\u00bb _builder_version=\u00a0\u00bb4.4.4&Prime;][\/et_pb_image][\/et_pb_column][\/et_pb_row][et_pb_row _builder_version=\u00a0\u00bb4.4.4&Prime;][et_pb_column type=\u00a0\u00bb4_4&Prime; _builder_version=\u00a0\u00bb4.4.4&Prime;][et_pb_button button_url=\u00a0\u00bbmailto:msf@davidfeldman.com\u00a0\u00bb url_new_window=\u00a0\u00bbon\u00a0\u00bb button_text=\u00a0\u00bbContactez-nous d\u00e8s aujourd&rsquo;hui\u00a0\u00bb button_alignment=\u00a0\u00bbcenter\u00a0\u00bb _builder_version=\u00a0\u00bb4.4.4&Prime; custom_button=\u00a0\u00bbon\u00a0\u00bb button_text_size=\u00a0\u00bb23px\u00a0\u00bb button_text_color=\u00a0\u00bb#f1eeeb\u00a0\u00bb button_bg_color=\u00a0\u00bb#800000&Prime; button_border_width=\u00a0\u00bb14px\u00a0\u00bb button_border_radius=\u00a0\u00bb0px\u00a0\u00bb button_letter_spacing=\u00a0\u00bb1px\u00a0\u00bb button_icon=\u00a0\u00bb%%75%%\u00a0\u00bb filter_saturate=\u00a0\u00bb89%\u00a0\u00bb filter_brightness=\u00a0\u00bb103%\u00a0\u00bb filter_contrast=\u00a0\u00bb104%\u00a0\u00bb][\/et_pb_button][\/et_pb_column][\/et_pb_row][\/et_pb_section]<\/p>\n","protected":false},"excerpt":{"rendered":"<p>Vente aux ench\u00e8res de Raret\u00e9s du monde en d\u00e9cembre 2020 Le COVID-19 a eu un impact sur la vie de toutes et tous, partout dans le monde ; parmi les collectionneurs de timbres, nombreux sont ceux qui ont l\u2019\u00e2ge d\u2019\u00eatre consid\u00e9r\u00e9s \u00ab \u00e0 risques \u00bb, ils ont sans nul doute travers\u00e9 avec difficult\u00e9 cette p\u00e9riode [&hellip;]<\/p>\n","protected":false},"author":4,"featured_media":0,"parent":0,"menu_order":0,"comment_status":"closed","ping_status":"closed","template":"","meta":{"_acf_changed":false,"_et_pb_use_builder":"on","_et_pb_old_content":"","_et_gb_content_width":"","_uf_show_specific_survey":0,"_uf_disable_surveys":false,"footnotes":""},"class_list":["post-27664","page","type-page","status-publish","hentry"],"acf":[],"yoast_head":"<!-- This site is optimized with the Yoast SEO Premium plugin v27.5 (Yoast SEO v27.5) - https:\/\/yoast.com\/product\/yoast-seo-premium-wordpress\/ -->\n<title>Vente aux ench\u00e8res en partenariat avec MSF - David Feldman<\/title>\n<meta name=\"robots\" content=\"index, follow, max-snippet:-1, max-image-preview:large, max-video-preview:-1\" \/>\n<link rel=\"canonical\" href=\"https:\/\/www.davidfeldman.com\/fr\/vente-aux-encheres-de-raretes-en-partenariat-avec-msf\/\" \/>\n<script type=\"application\/ld+json\" class=\"yoast-schema-graph\">{\"@context\":\"https:\\\/\\\/schema.org\",\"@graph\":[{\"@type\":\"WebPage\",\"@id\":\"https:\\\/\\\/www.davidfeldman.com\\\/fr\\\/vente-aux-encheres-de-raretes-en-partenariat-avec-msf\\\/\",\"url\":\"https:\\\/\\\/www.davidfeldman.com\\\/fr\\\/vente-aux-encheres-de-raretes-en-partenariat-avec-msf\\\/\",\"name\":\"Vente aux ench\u00e8res en partenariat avec MSF - David Feldman\",\"isPartOf\":{\"@id\":\"https:\\\/\\\/www.davidfeldman.com\\\/fr\\\/#website\"},\"datePublished\":\"2020-06-15T12:59:57+00:00\",\"dateModified\":\"2021-01-08T09:24:27+00:00\",\"breadcrumb\":{\"@id\":\"https:\\\/\\\/www.davidfeldman.com\\\/fr\\\/vente-aux-encheres-de-raretes-en-partenariat-avec-msf\\\/#breadcrumb\"},\"inLanguage\":\"fr-FR\",\"potentialAction\":[{\"@type\":\"ReadAction\",\"target\":[\"https:\\\/\\\/www.davidfeldman.com\\\/fr\\\/vente-aux-encheres-de-raretes-en-partenariat-avec-msf\\\/\"]}]},{\"@type\":\"BreadcrumbList\",\"@id\":\"https:\\\/\\\/www.davidfeldman.com\\\/fr\\\/vente-aux-encheres-de-raretes-en-partenariat-avec-msf\\\/#breadcrumb\",\"itemListElement\":[{\"@type\":\"ListItem\",\"position\":1,\"name\":\"Accueil\",\"item\":\"https:\\\/\\\/www.davidfeldman.com\\\/fr\\\/\"},{\"@type\":\"ListItem\",\"position\":2,\"name\":\"Vente aux ench\u00e8res en partenariat avec MSF\"}]},{\"@type\":\"WebSite\",\"@id\":\"https:\\\/\\\/www.davidfeldman.com\\\/fr\\\/#website\",\"url\":\"https:\\\/\\\/www.davidfeldman.com\\\/fr\\\/\",\"name\":\"David Feldman International Auctioneers\",\"description\":\"Ventes aux ench\u00e8res de timbres\",\"publisher\":{\"@id\":\"https:\\\/\\\/www.davidfeldman.com\\\/fr\\\/#organization\"},\"potentialAction\":[{\"@type\":\"SearchAction\",\"target\":{\"@type\":\"EntryPoint\",\"urlTemplate\":\"https:\\\/\\\/www.davidfeldman.com\\\/fr\\\/?s={search_term_string}\"},\"query-input\":{\"@type\":\"PropertyValueSpecification\",\"valueRequired\":true,\"valueName\":\"search_term_string\"}}],\"inLanguage\":\"fr-FR\"},{\"@type\":\"Organization\",\"@id\":\"https:\\\/\\\/www.davidfeldman.com\\\/fr\\\/#organization\",\"name\":\"David Feldman SA\",\"url\":\"https:\\\/\\\/www.davidfeldman.com\\\/fr\\\/\",\"logo\":{\"@type\":\"ImageObject\",\"inLanguage\":\"fr-FR\",\"@id\":\"https:\\\/\\\/www.davidfeldman.com\\\/fr\\\/#\\\/schema\\\/logo\\\/image\\\/\",\"url\":\"https:\\\/\\\/3.248.28.76\\\/wp-content\\\/uploads\\\/2018\\\/08\\\/header_df_logo.jpg\",\"contentUrl\":\"https:\\\/\\\/3.248.28.76\\\/wp-content\\\/uploads\\\/2018\\\/08\\\/header_df_logo.jpg\",\"width\":326,\"height\":55,\"caption\":\"David Feldman SA\"},\"image\":{\"@id\":\"https:\\\/\\\/www.davidfeldman.com\\\/fr\\\/#\\\/schema\\\/logo\\\/image\\\/\"},\"sameAs\":[\"https:\\\/\\\/www.facebook.com\\\/davidfeldmansa\\\/\",\"https:\\\/\\\/www.youtube.com\\\/user\\\/DavidFeldmanSA\",\"https:\\\/\\\/www.instagram.com\\\/davidfeldman_sa\\\/\"]}]}<\/script>\n<!-- \/ Yoast SEO Premium plugin. -->","yoast_head_json":{"title":"Vente aux ench\u00e8res en partenariat avec MSF - David Feldman","robots":{"index":"index","follow":"follow","max-snippet":"max-snippet:-1","max-image-preview":"max-image-preview:large","max-video-preview":"max-video-preview:-1"},"canonical":"https:\/\/www.davidfeldman.com\/fr\/vente-aux-encheres-de-raretes-en-partenariat-avec-msf\/","schema":{"@context":"https:\/\/schema.org","@graph":[{"@type":"WebPage","@id":"https:\/\/www.davidfeldman.com\/fr\/vente-aux-encheres-de-raretes-en-partenariat-avec-msf\/","url":"https:\/\/www.davidfeldman.com\/fr\/vente-aux-encheres-de-raretes-en-partenariat-avec-msf\/","name":"Vente aux ench\u00e8res en partenariat avec MSF - David Feldman","isPartOf":{"@id":"https:\/\/www.davidfeldman.com\/fr\/#website"},"datePublished":"2020-06-15T12:59:57+00:00","dateModified":"2021-01-08T09:24:27+00:00","breadcrumb":{"@id":"https:\/\/www.davidfeldman.com\/fr\/vente-aux-encheres-de-raretes-en-partenariat-avec-msf\/#breadcrumb"},"inLanguage":"fr-FR","potentialAction":[{"@type":"ReadAction","target":["https:\/\/www.davidfeldman.com\/fr\/vente-aux-encheres-de-raretes-en-partenariat-avec-msf\/"]}]},{"@type":"BreadcrumbList","@id":"https:\/\/www.davidfeldman.com\/fr\/vente-aux-encheres-de-raretes-en-partenariat-avec-msf\/#breadcrumb","itemListElement":[{"@type":"ListItem","position":1,"name":"Accueil","item":"https:\/\/www.davidfeldman.com\/fr\/"},{"@type":"ListItem","position":2,"name":"Vente aux ench\u00e8res en partenariat avec MSF"}]},{"@type":"WebSite","@id":"https:\/\/www.davidfeldman.com\/fr\/#website","url":"https:\/\/www.davidfeldman.com\/fr\/","name":"David Feldman International Auctioneers","description":"Ventes aux ench\u00e8res de timbres","publisher":{"@id":"https:\/\/www.davidfeldman.com\/fr\/#organization"},"potentialAction":[{"@type":"SearchAction","target":{"@type":"EntryPoint","urlTemplate":"https:\/\/www.davidfeldman.com\/fr\/?s={search_term_string}"},"query-input":{"@type":"PropertyValueSpecification","valueRequired":true,"valueName":"search_term_string"}}],"inLanguage":"fr-FR"},{"@type":"Organization","@id":"https:\/\/www.davidfeldman.com\/fr\/#organization","name":"David Feldman SA","url":"https:\/\/www.davidfeldman.com\/fr\/","logo":{"@type":"ImageObject","inLanguage":"fr-FR","@id":"https:\/\/www.davidfeldman.com\/fr\/#\/schema\/logo\/image\/","url":"https:\/\/3.248.28.76\/wp-content\/uploads\/2018\/08\/header_df_logo.jpg","contentUrl":"https:\/\/3.248.28.76\/wp-content\/uploads\/2018\/08\/header_df_logo.jpg","width":326,"height":55,"caption":"David Feldman SA"},"image":{"@id":"https:\/\/www.davidfeldman.com\/fr\/#\/schema\/logo\/image\/"},"sameAs":["https:\/\/www.facebook.com\/davidfeldmansa\/","https:\/\/www.youtube.com\/user\/DavidFeldmanSA","https:\/\/www.instagram.com\/davidfeldman_sa\/"]}]}},"_links":{"self":[{"href":"https:\/\/www.davidfeldman.com\/fr\/wp-json\/wp\/v2\/pages\/27664","targetHints":{"allow":["GET"]}}],"collection":[{"href":"https:\/\/www.davidfeldman.com\/fr\/wp-json\/wp\/v2\/pages"}],"about":[{"href":"https:\/\/www.davidfeldman.com\/fr\/wp-json\/wp\/v2\/types\/page"}],"author":[{"embeddable":true,"href":"https:\/\/www.davidfeldman.com\/fr\/wp-json\/wp\/v2\/users\/4"}],"replies":[{"embeddable":true,"href":"https:\/\/www.davidfeldman.com\/fr\/wp-json\/wp\/v2\/comments?post=27664"}],"version-history":[{"count":10,"href":"https:\/\/www.davidfeldman.com\/fr\/wp-json\/wp\/v2\/pages\/27664\/revisions"}],"predecessor-version":[{"id":31212,"href":"https:\/\/www.davidfeldman.com\/fr\/wp-json\/wp\/v2\/pages\/27664\/revisions\/31212"}],"wp:attachment":[{"href":"https:\/\/www.davidfeldman.com\/fr\/wp-json\/wp\/v2\/media?parent=27664"}],"curies":[{"name":"wp","href":"https:\/\/api.w.org\/{rel}","templated":true}]}}